{"id":24497,"date":"2023-01-11T15:57:56","date_gmt":"2023-01-11T14:57:56","guid":{"rendered":"https:\/\/arbeitgeber.de\/?page_id=24497"},"modified":"2023-12-05T10:20:51","modified_gmt":"2023-12-05T09:20:51","slug":"judith-wiese-chief-people-and-sustainability-officer-cpso-member-of-the-managing-board-and-labor-director-of-siemens-ag-sustainable-employability","status":"publish","type":"page","link":"https:\/\/arbeitgeber.de\/en\/judith-wiese-chief-people-and-sustainability-officer-cpso-member-of-the-managing-board-and-labor-director-of-siemens-ag-sustainable-employability\/","title":{"rendered":"BDA Managing Director Steffen Kampeter comments on the changed quarantine rules and the ever-decreasing mask requirements in local and long-distance transport&#8230;"},"content":{"rendered":"","protected":false},"excerpt":{"rendered":"","protected":false},"author":9,"featured_media":24501,"parent":0,"menu_order":0,"comment_status":"closed","ping_status":"closed","template":"","meta":{"inline_featured_image":false,"footnotes":""},"categories":[899],"tags":[794,1334,924],"class_list":["post-24497","page","type-page","status-publish","has-post-thumbnail","hentry","category-agenda-en","tag-fachkraeftemangel-en","tag-nachhaltigkeit-en","tag-weiterbildung-en"],"yoast_head":"<!-- This site is optimized with the Yoast SEO Premium plugin v27.4 (Yoast SEO v27.5) - https:\/\/yoast.com\/product\/yoast-seo-premium-wordpress\/ -->\n<title>BDA Managing Director Steffen Kampeter comments on the changed quarantine rules and the ever-decreasing mask requirements in local and long-distance transport... - die Arbeitgeber<\/title>\n<meta name=\"description\" content=\"Sustainable Employability: How companies can counter the shortage of skilled workers through training and continuing education programs\" \/>\n<meta name=\"robots\" content=\"index, follow, max-snippet:-1, max-image-preview:large, max-video-preview:-1\" \/>\n<link rel=\"canonical\" href=\"https:\/\/arbeitgeber.de\/en\/judith-wiese-chief-people-and-sustainability-officer-cpso-member-of-the-managing-board-and-labor-director-of-siemens-ag-sustainable-employability\/\" \/>\n<meta property=\"og:locale\" content=\"en_US\" \/>\n<meta property=\"og:type\" content=\"article\" \/>\n<meta property=\"og:title\" content=\"BDA Managing Director Steffen Kampeter comments on the changed quarantine rules and the ever-decreasing mask requirements in local and long-distance transport...\" \/>\n<meta property=\"og:url\" content=\"https:\/\/arbeitgeber.de\/en\/judith-wiese-chief-people-and-sustainability-officer-cpso-member-of-the-managing-board-and-labor-director-of-siemens-ag-sustainable-employability\/\" \/>\n<meta property=\"og:site_name\" content=\"die Arbeitgeber\" \/>\n<meta property=\"article:modified_time\" content=\"2023-12-05T09:20:51+00:00\" \/>\n<meta property=\"og:image\" content=\"https:\/\/arbeitgeber.de\/wp-content\/uploads\/2023\/01\/bda-arbeitgeber-agenda-kommentar_der_woche_judith_wiese-\u00a9siemens_ag-552x274px-2023_01_12.jpg\" \/>\n\t<meta property=\"og:image:width\" content=\"552\" \/>\n\t<meta property=\"og:image:height\" content=\"274\" \/>\n\t<meta property=\"og:image:type\" content=\"image\/jpeg\" \/>\n<meta name=\"twitter:card\" content=\"summary_large_image\" \/>\n<meta name=\"twitter:site\" content=\"@DieBDA\" \/>\n<script type=\"application\/ld+json\" class=\"yoast-schema-graph\">{\"@context\":\"https:\\\/\\\/schema.org\",\"@graph\":[{\"@type\":\"WebPage\",\"@id\":\"https:\\\/\\\/arbeitgeber.de\\\/en\\\/judith-wiese-chief-people-and-sustainability-officer-cpso-member-of-the-managing-board-and-labor-director-of-siemens-ag-sustainable-employability\\\/\",\"url\":\"https:\\\/\\\/arbeitgeber.de\\\/en\\\/judith-wiese-chief-people-and-sustainability-officer-cpso-member-of-the-managing-board-and-labor-director-of-siemens-ag-sustainable-employability\\\/\",\"name\":\"BDA Managing Director Steffen Kampeter comments on the changed quarantine rules and the ever-decreasing mask requirements in local and long-distance transport... - die Arbeitgeber\",\"isPartOf\":{\"@id\":\"https:\\\/\\\/arbeitgeber.de\\\/#website\"},\"primaryImageOfPage\":{\"@id\":\"https:\\\/\\\/arbeitgeber.de\\\/en\\\/judith-wiese-chief-people-and-sustainability-officer-cpso-member-of-the-managing-board-and-labor-director-of-siemens-ag-sustainable-employability\\\/#primaryimage\"},\"image\":{\"@id\":\"https:\\\/\\\/arbeitgeber.de\\\/en\\\/judith-wiese-chief-people-and-sustainability-officer-cpso-member-of-the-managing-board-and-labor-director-of-siemens-ag-sustainable-employability\\\/#primaryimage\"},\"thumbnailUrl\":\"https:\\\/\\\/arbeitgeber.de\\\/wp-content\\\/uploads\\\/2023\\\/01\\\/bda-arbeitgeber-agenda-kommentar_der_woche_judith_wiese-\u00a9siemens_ag-552x274px-2023_01_12.jpg\",\"datePublished\":\"2023-01-11T14:57:56+00:00\",\"dateModified\":\"2023-12-05T09:20:51+00:00\",\"description\":\"Sustainable Employability: How companies can counter the shortage of skilled workers through training and continuing education programs\",\"breadcrumb\":{\"@id\":\"https:\\\/\\\/arbeitgeber.de\\\/en\\\/judith-wiese-chief-people-and-sustainability-officer-cpso-member-of-the-managing-board-and-labor-director-of-siemens-ag-sustainable-employability\\\/#breadcrumb\"},\"inLanguage\":\"en-US\",\"potentialAction\":[{\"@type\":\"ReadAction\",\"target\":[\"https:\\\/\\\/arbeitgeber.de\\\/en\\\/judith-wiese-chief-people-and-sustainability-officer-cpso-member-of-the-managing-board-and-labor-director-of-siemens-ag-sustainable-employability\\\/\"]}]},{\"@type\":\"ImageObject\",\"inLanguage\":\"en-US\",\"@id\":\"https:\\\/\\\/arbeitgeber.de\\\/en\\\/judith-wiese-chief-people-and-sustainability-officer-cpso-member-of-the-managing-board-and-labor-director-of-siemens-ag-sustainable-employability\\\/#primaryimage\",\"url\":\"https:\\\/\\\/arbeitgeber.de\\\/wp-content\\\/uploads\\\/2023\\\/01\\\/bda-arbeitgeber-agenda-kommentar_der_woche_judith_wiese-\u00a9siemens_ag-552x274px-2023_01_12.jpg\",\"contentUrl\":\"https:\\\/\\\/arbeitgeber.de\\\/wp-content\\\/uploads\\\/2023\\\/01\\\/bda-arbeitgeber-agenda-kommentar_der_woche_judith_wiese-\u00a9siemens_ag-552x274px-2023_01_12.jpg\",\"width\":552,\"height\":274,\"caption\":\"Gastbeitrag f\u00fcr die BDA-Agenda von Judith Wiese, Rechtsanw\u00e4ltin und Fachanw\u00e4ltin f\u00fcr Arbeitsrecht bei CMS Hasche Sigle Partnerschaft von Rechtsanw\u00e4lten und Steuerberatern mbB - Foto: \u00a9CMS Legal 2024\"},{\"@type\":\"BreadcrumbList\",\"@id\":\"https:\\\/\\\/arbeitgeber.de\\\/en\\\/judith-wiese-chief-people-and-sustainability-officer-cpso-member-of-the-managing-board-and-labor-director-of-siemens-ag-sustainable-employability\\\/#breadcrumb\",\"itemListElement\":[{\"@type\":\"ListItem\",\"position\":1,\"name\":\"Startseite\",\"item\":\"https:\\\/\\\/arbeitgeber.de\\\/en\\\/\"},{\"@type\":\"ListItem\",\"position\":2,\"name\":\"BDA Managing Director Steffen Kampeter comments on the changed quarantine rules and the ever-decreasing mask requirements in local and long-distance transport&#8230;\"}]},{\"@type\":\"WebSite\",\"@id\":\"https:\\\/\\\/arbeitgeber.de\\\/#website\",\"url\":\"https:\\\/\\\/arbeitgeber.de\\\/\",\"name\":\"Die Arbeitgeber\",\"description\":\"Der Spitzenverband der deutschen Wirtschaft\",\"publisher\":{\"@id\":\"https:\\\/\\\/arbeitgeber.de\\\/#organization\"},\"potentialAction\":[{\"@type\":\"SearchAction\",\"target\":{\"@type\":\"EntryPoint\",\"urlTemplate\":\"https:\\\/\\\/arbeitgeber.de\\\/?s={search_term_string}\"},\"query-input\":{\"@type\":\"PropertyValueSpecification\",\"valueRequired\":true,\"valueName\":\"search_term_string\"}}],\"inLanguage\":\"en-US\"},{\"@type\":\"Organization\",\"@id\":\"https:\\\/\\\/arbeitgeber.de\\\/#organization\",\"name\":\"Die Arbeitgeber\",\"url\":\"https:\\\/\\\/arbeitgeber.de\\\/\",\"logo\":{\"@type\":\"ImageObject\",\"inLanguage\":\"en-US\",\"@id\":\"https:\\\/\\\/arbeitgeber.de\\\/#\\\/schema\\\/logo\\\/image\\\/\",\"url\":\"https:\\\/\\\/arbeitgeber.de\\\/wp-content\\\/uploads\\\/bda-arbeitgeber-logo-512px.png\",\"contentUrl\":\"https:\\\/\\\/arbeitgeber.de\\\/wp-content\\\/uploads\\\/bda-arbeitgeber-logo-512px.png\",\"width\":512,\"height\":512,\"caption\":\"Die Arbeitgeber\"},\"image\":{\"@id\":\"https:\\\/\\\/arbeitgeber.de\\\/#\\\/schema\\\/logo\\\/image\\\/\"},\"sameAs\":[\"https:\\\/\\\/x.com\\\/DieBDA\",\"https:\\\/\\\/de.linkedin.com\\\/company\\\/bda-die-arbeitgeber\",\"https:\\\/\\\/www.youtube.com\\\/user\\\/diearbeitgeber\"]}]}<\/script>\n<!-- \/ Yoast SEO Premium plugin. -->","yoast_head_json":{"title":"BDA Managing Director Steffen Kampeter comments on the changed quarantine rules and the ever-decreasing mask requirements in local and long-distance transport... - die Arbeitgeber","description":"Sustainable Employability: How companies can counter the shortage of skilled workers through training and continuing education programs","robots":{"index":"index","follow":"follow","max-snippet":"max-snippet:-1","max-image-preview":"max-image-preview:large","max-video-preview":"max-video-preview:-1"},"canonical":"https:\/\/arbeitgeber.de\/en\/judith-wiese-chief-people-and-sustainability-officer-cpso-member-of-the-managing-board-and-labor-director-of-siemens-ag-sustainable-employability\/","og_locale":"en_US","og_type":"article","og_title":"BDA Managing Director Steffen Kampeter comments on the changed quarantine rules and the ever-decreasing mask requirements in local and long-distance transport...","og_url":"https:\/\/arbeitgeber.de\/en\/judith-wiese-chief-people-and-sustainability-officer-cpso-member-of-the-managing-board-and-labor-director-of-siemens-ag-sustainable-employability\/","og_site_name":"die Arbeitgeber","article_modified_time":"2023-12-05T09:20:51+00:00","og_image":[{"width":552,"height":274,"url":"https:\/\/arbeitgeber.de\/wp-content\/uploads\/2023\/01\/bda-arbeitgeber-agenda-kommentar_der_woche_judith_wiese-\u00a9siemens_ag-552x274px-2023_01_12.jpg","type":"image\/jpeg"}],"twitter_card":"summary_large_image","twitter_site":"@DieBDA","schema":{"@context":"https:\/\/schema.org","@graph":[{"@type":"WebPage","@id":"https:\/\/arbeitgeber.de\/en\/judith-wiese-chief-people-and-sustainability-officer-cpso-member-of-the-managing-board-and-labor-director-of-siemens-ag-sustainable-employability\/","url":"https:\/\/arbeitgeber.de\/en\/judith-wiese-chief-people-and-sustainability-officer-cpso-member-of-the-managing-board-and-labor-director-of-siemens-ag-sustainable-employability\/","name":"BDA Managing Director Steffen Kampeter comments on the changed quarantine rules and the ever-decreasing mask requirements in local and long-distance transport... - die Arbeitgeber","isPartOf":{"@id":"https:\/\/arbeitgeber.de\/#website"},"primaryImageOfPage":{"@id":"https:\/\/arbeitgeber.de\/en\/judith-wiese-chief-people-and-sustainability-officer-cpso-member-of-the-managing-board-and-labor-director-of-siemens-ag-sustainable-employability\/#primaryimage"},"image":{"@id":"https:\/\/arbeitgeber.de\/en\/judith-wiese-chief-people-and-sustainability-officer-cpso-member-of-the-managing-board-and-labor-director-of-siemens-ag-sustainable-employability\/#primaryimage"},"thumbnailUrl":"https:\/\/arbeitgeber.de\/wp-content\/uploads\/2023\/01\/bda-arbeitgeber-agenda-kommentar_der_woche_judith_wiese-\u00a9siemens_ag-552x274px-2023_01_12.jpg","datePublished":"2023-01-11T14:57:56+00:00","dateModified":"2023-12-05T09:20:51+00:00","description":"Sustainable Employability: How companies can counter the shortage of skilled workers through training and continuing education programs","breadcrumb":{"@id":"https:\/\/arbeitgeber.de\/en\/judith-wiese-chief-people-and-sustainability-officer-cpso-member-of-the-managing-board-and-labor-director-of-siemens-ag-sustainable-employability\/#breadcrumb"},"inLanguage":"en-US","potentialAction":[{"@type":"ReadAction","target":["https:\/\/arbeitgeber.de\/en\/judith-wiese-chief-people-and-sustainability-officer-cpso-member-of-the-managing-board-and-labor-director-of-siemens-ag-sustainable-employability\/"]}]},{"@type":"ImageObject","inLanguage":"en-US","@id":"https:\/\/arbeitgeber.de\/en\/judith-wiese-chief-people-and-sustainability-officer-cpso-member-of-the-managing-board-and-labor-director-of-siemens-ag-sustainable-employability\/#primaryimage","url":"https:\/\/arbeitgeber.de\/wp-content\/uploads\/2023\/01\/bda-arbeitgeber-agenda-kommentar_der_woche_judith_wiese-\u00a9siemens_ag-552x274px-2023_01_12.jpg","contentUrl":"https:\/\/arbeitgeber.de\/wp-content\/uploads\/2023\/01\/bda-arbeitgeber-agenda-kommentar_der_woche_judith_wiese-\u00a9siemens_ag-552x274px-2023_01_12.jpg","width":552,"height":274,"caption":"Gastbeitrag f\u00fcr die BDA-Agenda von Judith Wiese, Rechtsanw\u00e4ltin und Fachanw\u00e4ltin f\u00fcr Arbeitsrecht bei CMS Hasche Sigle Partnerschaft von Rechtsanw\u00e4lten und Steuerberatern mbB - Foto: \u00a9CMS Legal 2024"},{"@type":"BreadcrumbList","@id":"https:\/\/arbeitgeber.de\/en\/judith-wiese-chief-people-and-sustainability-officer-cpso-member-of-the-managing-board-and-labor-director-of-siemens-ag-sustainable-employability\/#breadcrumb","itemListElement":[{"@type":"ListItem","position":1,"name":"Startseite","item":"https:\/\/arbeitgeber.de\/en\/"},{"@type":"ListItem","position":2,"name":"BDA Managing Director Steffen Kampeter comments on the changed quarantine rules and the ever-decreasing mask requirements in local and long-distance transport&#8230;"}]},{"@type":"WebSite","@id":"https:\/\/arbeitgeber.de\/#website","url":"https:\/\/arbeitgeber.de\/","name":"Die Arbeitgeber","description":"Der Spitzenverband der deutschen Wirtschaft","publisher":{"@id":"https:\/\/arbeitgeber.de\/#organization"},"potentialAction":[{"@type":"SearchAction","target":{"@type":"EntryPoint","urlTemplate":"https:\/\/arbeitgeber.de\/?s={search_term_string}"},"query-input":{"@type":"PropertyValueSpecification","valueRequired":true,"valueName":"search_term_string"}}],"inLanguage":"en-US"},{"@type":"Organization","@id":"https:\/\/arbeitgeber.de\/#organization","name":"Die Arbeitgeber","url":"https:\/\/arbeitgeber.de\/","logo":{"@type":"ImageObject","inLanguage":"en-US","@id":"https:\/\/arbeitgeber.de\/#\/schema\/logo\/image\/","url":"https:\/\/arbeitgeber.de\/wp-content\/uploads\/bda-arbeitgeber-logo-512px.png","contentUrl":"https:\/\/arbeitgeber.de\/wp-content\/uploads\/bda-arbeitgeber-logo-512px.png","width":512,"height":512,"caption":"Die Arbeitgeber"},"image":{"@id":"https:\/\/arbeitgeber.de\/#\/schema\/logo\/image\/"},"sameAs":["https:\/\/x.com\/DieBDA","https:\/\/de.linkedin.com\/company\/bda-die-arbeitgeber","https:\/\/www.youtube.com\/user\/diearbeitgeber"]}]}},"_links":{"self":[{"href":"https:\/\/arbeitgeber.de\/en\/wp-json\/wp\/v2\/pages\/24497","targetHints":{"allow":["GET"]}}],"collection":[{"href":"https:\/\/arbeitgeber.de\/en\/wp-json\/wp\/v2\/pages"}],"about":[{"href":"https:\/\/arbeitgeber.de\/en\/wp-json\/wp\/v2\/types\/page"}],"author":[{"embeddable":true,"href":"https:\/\/arbeitgeber.de\/en\/wp-json\/wp\/v2\/users\/9"}],"replies":[{"embeddable":true,"href":"https:\/\/arbeitgeber.de\/en\/wp-json\/wp\/v2\/comments?post=24497"}],"version-history":[{"count":4,"href":"https:\/\/arbeitgeber.de\/en\/wp-json\/wp\/v2\/pages\/24497\/revisions"}],"predecessor-version":[{"id":28334,"href":"https:\/\/arbeitgeber.de\/en\/wp-json\/wp\/v2\/pages\/24497\/revisions\/28334"}],"wp:featuredmedia":[{"embeddable":true,"href":"https:\/\/arbeitgeber.de\/en\/wp-json\/wp\/v2\/media\/24501"}],"wp:attachment":[{"href":"https:\/\/arbeitgeber.de\/en\/wp-json\/wp\/v2\/media?parent=24497"}],"wp:term":[{"taxonomy":"category","embeddable":true,"href":"https:\/\/arbeitgeber.de\/en\/wp-json\/wp\/v2\/categories?post=24497"},{"taxonomy":"post_tag","embeddable":true,"href":"https:\/\/arbeitgeber.de\/en\/wp-json\/wp\/v2\/tags?post=24497"}],"curies":[{"name":"wp","href":"https:\/\/api.w.org\/{rel}","templated":true}]}}